{"id":2133,"date":"2026-02-16T12:33:29","date_gmt":"2026-02-16T11:33:29","guid":{"rendered":"https:\/\/musique-loisir.fr\/staging\/?page_id=2133"},"modified":"2026-03-05T17:05:18","modified_gmt":"2026-03-05T16:05:18","slug":"rock-en-stock","status":"publish","type":"page","link":"https:\/\/musique-loisir.fr\/staging\/rock-en-stock\/","title":{"rendered":"Rock en stock"},"content":{"rendered":"<p>[et_pb_section fb_built=\u00a0\u00bb1&Prime; _builder_version=\u00a0\u00bb4.27.5&Prime; _module_preset=\u00a0\u00bbdefault\u00a0\u00bb background_color=\u00a0\u00bb#1D2A52&Prime; custom_padding=\u00a0\u00bb0px||||false|false\u00a0\u00bb global_colors_info=\u00a0\u00bb{}\u00a0\u00bb][et_pb_row column_structure=\u00a0\u00bb3_5,2_5&Prime; _builder_version=\u00a0\u00bb4.27.5&Prime; _module_preset=\u00a0\u00bbdefault\u00a0\u00bb global_colors_info=\u00a0\u00bb{}\u00a0\u00bb][et_pb_column type=\u00a0\u00bb3_5&Prime; _builder_version=\u00a0\u00bb4.27.5&Prime; _module_preset=\u00a0\u00bbdefault\u00a0\u00bb global_colors_info=\u00a0\u00bb{}\u00a0\u00bb][et_pb_heading title=\u00a0\u00bbRock en stock\u00a0\u00bb _builder_version=\u00a0\u00bb4.27.5&Prime; _module_preset=\u00a0\u00bbdefault\u00a0\u00bb title_font=\u00a0\u00bb|300||on|||||\u00a0\u00bb title_text_align=\u00a0\u00bbleft\u00a0\u00bb title_text_color=\u00a0\u00bb#FFFFFF\u00a0\u00bb title_font_size=\u00a0\u00bb38px\u00a0\u00bb custom_margin=\u00a0\u00bb||1px|||\u00a0\u00bb global_colors_info=\u00a0\u00bb{}\u00a0\u00bb][\/et_pb_heading][et_pb_text _builder_version=\u00a0\u00bb4.27.5&Prime; _module_preset=\u00a0\u00bbdefault\u00a0\u00bb text_font=\u00a0\u00bbgem-deco-regular||||||||\u00a0\u00bb text_text_color=\u00a0\u00bb#FFFFFF\u00a0\u00bb text_font_size=\u00a0\u00bb22px\u00a0\u00bb text_letter_spacing=\u00a0\u00bb1px\u00a0\u00bb background_color=\u00a0\u00bb#7880AC\u00a0\u00bb transform_rotate=\u00a0\u00bb0deg|0deg|354deg\u00a0\u00bb text_orientation=\u00a0\u00bbcenter\u00a0\u00bb width=\u00a0\u00bb159px\u00a0\u00bb module_alignment=\u00a0\u00bbleft\u00a0\u00bb custom_padding=\u00a0\u00bb4px|10px|4px|10px|true|true\u00a0\u00bb border_radii=\u00a0\u00bbon|20px|20px|20px|20px\u00a0\u00bb global_colors_info=\u00a0\u00bb{}\u00a0\u00bb]<\/p>\n<p>Festival<\/p>\n<p>[\/et_pb_text][et_pb_text _builder_version=\u00a0\u00bb4.27.5&Prime; _module_preset=\u00a0\u00bbdefault\u00a0\u00bb text_font=\u00a0\u00bb|300|||||||\u00a0\u00bb text_text_color=\u00a0\u00bb#FFFFFF\u00a0\u00bb global_colors_info=\u00a0\u00bb{}\u00a0\u00bb]<\/p>\n<p>Le festival Rock en Stock de Lesneven est un \u00e9v\u00e9nement musical embl\u00e9matique du Finist\u00e8re, d\u00e9di\u00e9 aux musiques rock et actuelles. Organis\u00e9 dans un esprit associatif et convivial, il rassemble chaque ann\u00e9e un large public autour de concerts m\u00ealant artistes \u00e9mergents et groupes reconnus.<\/p>\n<p>Port\u00e9 par de nombreux b\u00e9n\u00e9voles, le festival se distingue par son accessibilit\u00e9, son ambiance festive et son engagement en faveur de la sc\u00e8ne musicale locale et nationale, faisant de Rock en Stock un rendez-vous culturel incontournable du territoire.<\/p>\n<p>Il est organis\u00e9 chaque ann\u00e9e \u00e0 la fin du mois de mai.<\/p>\n<p>Vous trouverez ci-dessous quelques photos souvenir de l\u2019\u00e9dition 2025 !<\/p>\n<p>[\/et_pb_text][et_pb_button button_url=\u00a0\u00bbhttps:\/\/rock-en-stock.odoo.com\u00a0\u00bb button_text=\u00a0\u00bbEn savoir plus\u00a0\u00bb button_alignment=\u00a0\u00bbleft\u00a0\u00bb _builder_version=\u00a0\u00bb4.27.5&Prime; _module_preset=\u00a0\u00bbdefault\u00a0\u00bb custom_button=\u00a0\u00bbon\u00a0\u00bb button_text_size=\u00a0\u00bb15px\u00a0\u00bb button_text_color=\u00a0\u00bb#FFFFFF\u00a0\u00bb button_bg_color=\u00a0\u00bb#DE8D4E\u00a0\u00bb button_border_width=\u00a0\u00bb0px\u00a0\u00bb button_border_radius=\u00a0\u00bb24px\u00a0\u00bb button_font=\u00a0\u00bb&#8211;et_global_body_font||||||||\u00a0\u00bb custom_margin=\u00a0\u00bb||||false|false\u00a0\u00bb custom_padding=\u00a0\u00bb||||false|false\u00a0\u00bb global_colors_info=\u00a0\u00bb{}\u00a0\u00bb][\/et_pb_button][\/et_pb_column][et_pb_column type=\u00a0\u00bb2_5&Prime; _builder_version=\u00a0\u00bb4.27.5&Prime; _module_preset=\u00a0\u00bbdefault\u00a0\u00bb background_color=\u00a0\u00bb#7880AC\u00a0\u00bb custom_padding=\u00a0\u00bb5%|30px|5%|10%|true|false\u00a0\u00bb border_radii=\u00a0\u00bboff|50%|||50%\u00a0\u00bb global_colors_info=\u00a0\u00bb{}\u00a0\u00bb][et_pb_image src=\u00a0\u00bbhttps:\/\/musique-loisir.fr\/staging\/wp-content\/uploads\/2026\/02\/Musique-Loisir-rock-en-stock.png\u00a0\u00bb title_text=\u00a0\u00bbMusique-Loisir-rock-en-stock\u00a0\u00bb _builder_version=\u00a0\u00bb4.27.5&Prime; _module_preset=\u00a0\u00bbdefault\u00a0\u00bb background_color=\u00a0\u00bb#7880AC\u00a0\u00bb custom_padding=\u00a0\u00bb20px||20px||true|false\u00a0\u00bb global_colors_info=\u00a0\u00bb{}\u00a0\u00bb][\/et_pb_image][\/et_pb_column][\/et_pb_row][et_pb_row _builder_version=\u00a0\u00bb4.27.5&Prime; _module_preset=\u00a0\u00bbdefault\u00a0\u00bb global_colors_info=\u00a0\u00bb{}\u00a0\u00bb][et_pb_column type=\u00a0\u00bb4_4&Prime; _builder_version=\u00a0\u00bb4.27.5&Prime; _module_preset=\u00a0\u00bbdefault\u00a0\u00bb global_colors_info=\u00a0\u00bb{}\u00a0\u00bb][et_pb_text _builder_version=\u00a0\u00bb4.27.5&Prime; _module_preset=\u00a0\u00bbdefault\u00a0\u00bb text_font=\u00a0\u00bbgem-deco-regular||||||||\u00a0\u00bb text_text_color=\u00a0\u00bb#FFFFFF\u00a0\u00bb text_font_size=\u00a0\u00bb22px\u00a0\u00bb text_letter_spacing=\u00a0\u00bb1px\u00a0\u00bb background_color=\u00a0\u00bb#7880AC\u00a0\u00bb transform_rotate=\u00a0\u00bb0deg|0deg|354deg\u00a0\u00bb text_orientation=\u00a0\u00bbcenter\u00a0\u00bb width=\u00a0\u00bb159px\u00a0\u00bb module_alignment=\u00a0\u00bbcenter\u00a0\u00bb custom_padding=\u00a0\u00bb4px|10px|4px|10px|true|true\u00a0\u00bb hover_enabled=\u00a0\u00bb0&Prime; border_radii=\u00a0\u00bbon|20px|20px|20px|20px\u00a0\u00bb global_colors_info=\u00a0\u00bb{}\u00a0\u00bb sticky_enabled=\u00a0\u00bb0&Prime;]<\/p>\n<p>Edition 2025 !<\/p>\n<p>[\/et_pb_text][\/et_pb_column][\/et_pb_row][et_pb_row _builder_version=\u00a0\u00bb4.27.5&Prime; _module_preset=\u00a0\u00bbdefault\u00a0\u00bb global_colors_info=\u00a0\u00bb{}\u00a0\u00bb custom_padding=\u00a0\u00bb42px|||||\u00a0\u00bb custom_margin=\u00a0\u00bb-8px|auto||auto||\u00a0\u00bb][et_pb_column type=\u00a0\u00bb4_4&Prime; _builder_version=\u00a0\u00bb4.27.5&Prime; _module_preset=\u00a0\u00bbdefault\u00a0\u00bb global_colors_info=\u00a0\u00bb{}\u00a0\u00bb][et_pb_gallery _builder_version=\u00a0\u00bb4.27.5&Prime; _module_preset=\u00a0\u00bbdefault\u00a0\u00bb gallery_ids=\u00a0\u00bb2696,2697,2698,2699,2700,2701,2702,2703,2704,2705,2706,2707,2708,2709,2710,2711,2712,2713,2714,2715,2716,2717,2718,2719,2720,2721,2722,2723,2724,2725,2726,2727,2728,2729,2730,2731,2732,2733,2734,2735,2736,2737,2738,2739,2740,2741,2742,2743,2744,2745&Prime; hover_enabled=\u00a0\u00bb0&Prime; sticky_enabled=\u00a0\u00bb0&Prime; fullwidth=\u00a0\u00bbon\u00a0\u00bb auto=\u00a0\u00bbon\u00a0\u00bb auto_speed=\u00a0\u00bb3000&Prime; width=\u00a0\u00bb68%\u00a0\u00bb module_alignment=\u00a0\u00bbcenter\u00a0\u00bb custom_padding=\u00a0\u00bb26px|||||\u00a0\u00bb custom_margin=\u00a0\u00bb-41px|||||\u00a0\u00bb z_index=\u00a0\u00bb-500&Prime;][\/et_pb_gallery][\/et_pb_column][\/et_pb_row][\/et_pb_section][et_pb_section fb_built=\u00a0\u00bb1&Prime; module_id=\u00a0\u00bbcontact\u00a0\u00bb _builder_version=\u00a0\u00bb4.27.5&Prime; _module_preset=\u00a0\u00bbdefault\u00a0\u00bb background_color=\u00a0\u00bb#1c2143&Prime; background_enable_pattern_style=\u00a0\u00bbon\u00a0\u00bb background_pattern_size=\u00a0\u00bbcustom\u00a0\u00bb background_pattern_width=\u00a0\u00bb0px\u00a0\u00bb background_pattern_height=\u00a0\u00bb12px\u00a0\u00bb global_colors_info=\u00a0\u00bb{}\u00a0\u00bb][et_pb_row column_structure=\u00a0\u00bb1_3,1_3,1_3&Prime; _builder_version=\u00a0\u00bb4.27.5&Prime; _module_preset=\u00a0\u00bbdefault\u00a0\u00bb width=\u00a0\u00bb90%\u00a0\u00bb global_colors_info=\u00a0\u00bb{}\u00a0\u00bb][et_pb_column type=\u00a0\u00bb1_3&Prime; _builder_version=\u00a0\u00bb4.27.5&Prime; _module_preset=\u00a0\u00bbdefault\u00a0\u00bb global_colors_info=\u00a0\u00bb{}\u00a0\u00bb][et_pb_text _builder_version=\u00a0\u00bb4.27.5&Prime; _module_preset=\u00a0\u00bbdefault\u00a0\u00bb text_font=\u00a0\u00bb&#8211;et_global_heading_font|300|||||||\u00a0\u00bb text_text_color=\u00a0\u00bb#FFFFFF\u00a0\u00bb text_font_size=\u00a0\u00bb20px\u00a0\u00bb global_colors_info=\u00a0\u00bb{}\u00a0\u00bb]<\/p>\n<p>Membres du bureau<\/p>\n<p>[\/et_pb_text][et_pb_text _builder_version=\u00a0\u00bb4.27.5&Prime; _module_preset=\u00a0\u00bbdefault\u00a0\u00bb text_font=\u00a0\u00bb&#8211;et_global_body_font|300|||||||\u00a0\u00bb text_text_color=\u00a0\u00bb#FFFFFF\u00a0\u00bb text_font_size=\u00a0\u00bb15px\u00a0\u00bb global_colors_info=\u00a0\u00bb{}\u00a0\u00bb]Co-Pr\u00e9sidents :<br \/>\n<span style=\"color: #7880ac;\">Nolwenn Calvarin 06 60 47 22 06<\/span><br \/>\n<span style=\"color: #7880ac;\">Bruno Le Roch 06 09 64 24 04<\/span><\/p>\n<p>Secr\u00e9taire :<br \/>\n<span style=\"color: #7880ac;\">Pierre-Yves Colin 07 50 92 16 76<\/span>[\/et_pb_text][\/et_pb_column][et_pb_column type=\u00a0\u00bb1_3&Prime; _builder_version=\u00a0\u00bb4.27.5&Prime; _module_preset=\u00a0\u00bbdefault\u00a0\u00bb global_colors_info=\u00a0\u00bb{}\u00a0\u00bb][et_pb_text _builder_version=\u00a0\u00bb4.27.5&Prime; _module_preset=\u00a0\u00bbdefault\u00a0\u00bb text_font=\u00a0\u00bb&#8211;et_global_heading_font|300|||||||\u00a0\u00bb text_text_color=\u00a0\u00bb#FFFFFF\u00a0\u00bb text_font_size=\u00a0\u00bb20px\u00a0\u00bb text_orientation=\u00a0\u00bbcenter\u00a0\u00bb global_colors_info=\u00a0\u00bb{}\u00a0\u00bb][\/et_pb_text][et_pb_text _builder_version=\u00a0\u00bb4.27.5&Prime; _module_preset=\u00a0\u00bbdefault\u00a0\u00bb text_font=\u00a0\u00bb&#8211;et_global_body_font|300|||||||\u00a0\u00bb text_text_color=\u00a0\u00bb#FFFFFF\u00a0\u00bb text_font_size=\u00a0\u00bb15px\u00a0\u00bb global_colors_info=\u00a0\u00bb{}\u00a0\u00bb]Tr\u00e9sorier :<br \/>\n<span style=\"color: #7880ac;\">Beno\u00eet Calvarin 06 73 25 79 43<\/span><\/p>\n<p>Responsable des ateliers :<br \/>\n<span style=\"color: #7880ac;\">Armand Calvarin 07 83 37 42 54<\/span>[\/et_pb_text][\/et_pb_column][et_pb_column type=\u00a0\u00bb1_3&Prime; _builder_version=\u00a0\u00bb4.27.5&Prime; _module_preset=\u00a0\u00bbdefault\u00a0\u00bb global_colors_info=\u00a0\u00bb{}\u00a0\u00bb][et_pb_text _builder_version=\u00a0\u00bb4.27.5&Prime; _module_preset=\u00a0\u00bbdefault\u00a0\u00bb text_font=\u00a0\u00bb&#8211;et_global_heading_font|300|||||||\u00a0\u00bb text_text_color=\u00a0\u00bb#FFFFFF\u00a0\u00bb text_font_size=\u00a0\u00bb20px\u00a0\u00bb global_colors_info=\u00a0\u00bb{}\u00a0\u00bb]<\/p>\n<p>Nous \u00e9crire<\/p>\n<p>[\/et_pb_text][et_pb_text _builder_version=\u00a0\u00bb4.27.5&Prime; _module_preset=\u00a0\u00bbdefault\u00a0\u00bb text_font=\u00a0\u00bb&#8211;et_global_body_font|300|||||||\u00a0\u00bb text_text_color=\u00a0\u00bb#7880AC\u00a0\u00bb text_font_size=\u00a0\u00bb15px\u00a0\u00bb global_colors_info=\u00a0\u00bb{}\u00a0\u00bb]<span style=\"color: #7880ac;\"><a href=\"mailto:musique.loisir29@gmail.com\" style=\"color: #7880ac;\">musique.loisir29@gmail.com<\/a><\/span>[\/et_pb_text][et_pb_text _builder_version=\u00a0\u00bb4.27.5&Prime; _module_preset=\u00a0\u00bbdefault\u00a0\u00bb text_font=\u00a0\u00bb&#8211;et_global_heading_font|300|||||||\u00a0\u00bb text_text_color=\u00a0\u00bb#FFFFFF\u00a0\u00bb text_font_size=\u00a0\u00bb20px\u00a0\u00bb global_colors_info=\u00a0\u00bb{}\u00a0\u00bb]<\/p>\n<p>Suivez nous<\/p>\n<p>[\/et_pb_text][et_pb_text _builder_version=\u00a0\u00bb4.27.5&Prime; _module_preset=\u00a0\u00bbdefault\u00a0\u00bb global_colors_info=\u00a0\u00bb{}\u00a0\u00bb]<\/p>\n<table border=\"0\" 0=\"\" border-collapse:=\"\" collapse=\"\">\n<tbody>\n<tr>\n<td style=\"width: 50%;\"><a href=\"https:\/\/www.facebook.com\/musiqueloisir\/?locale=fr_FR\"><img loading=\"lazy\" decoding=\"async\" src=\"https:\/\/musique-loisir.fr\/staging\/wp-content\/uploads\/2026\/02\/icons8-facebook-480-300x300.png\" width=\"30\" height=\"30\" alt=\"\" class=\"wp-image-2152 alignnone size-medium\" style=\"display: block; margin-left: auto; margin-right: auto;\" srcset=\"https:\/\/musique-loisir.fr\/staging\/wp-content\/uploads\/2026\/02\/icons8-facebook-480-300x300.png 300w, https:\/\/musique-loisir.fr\/staging\/wp-content\/uploads\/2026\/02\/icons8-facebook-480-150x150.png 150w, https:\/\/musique-loisir.fr\/staging\/wp-content\/uploads\/2026\/02\/icons8-facebook-480.png 480w\" sizes=\"(max-width: 30px) 100vw, 30px\" \/><\/a><\/td>\n<td style=\"width: 50%;\"><a href=\"https:\/\/www.instagram.com\/musique_loisirs\/\"><img loading=\"lazy\" decoding=\"async\" src=\"https:\/\/musique-loisir.fr\/staging\/wp-content\/uploads\/2026\/02\/icons8-instagram-480-300x300.png\" width=\"30\" height=\"30\" alt=\"\" class=\"wp-image-2154 alignnone size-medium\" style=\"display: block; margin-left: auto; margin-right: auto;\" srcset=\"https:\/\/musique-loisir.fr\/staging\/wp-content\/uploads\/2026\/02\/icons8-instagram-480-300x300.png 300w, https:\/\/musique-loisir.fr\/staging\/wp-content\/uploads\/2026\/02\/icons8-instagram-480-150x150.png 150w, https:\/\/musique-loisir.fr\/staging\/wp-content\/uploads\/2026\/02\/icons8-instagram-480.png 480w\" sizes=\"(max-width: 30px) 100vw, 30px\" \/><\/a><\/td>\n<\/tr>\n<\/tbody>\n<\/table>\n<p><a href=\"https:\/\/musique-loisir.fr\/staging\/wp-content\/uploads\/2026\/02\/icons8-instagram-480.png\"><\/a><a href=\"https:\/\/musique-loisir.fr\/staging\/wp-content\/uploads\/2026\/02\/icons8-facebook-480.png\"><\/a>[\/et_pb_text][\/et_pb_column][\/et_pb_row][\/et_pb_section][et_pb_section fb_built=\u00a0\u00bb1&Prime; _builder_version=\u00a0\u00bb4.27.5&Prime; _module_preset=\u00a0\u00bbdefault\u00a0\u00bb background_color=\u00a0\u00bb#FFFFFF\u00a0\u00bb custom_padding=\u00a0\u00bb0px||0px||false|false\u00a0\u00bb global_colors_info=\u00a0\u00bb{}\u00a0\u00bb][et_pb_row _builder_version=\u00a0\u00bb4.27.5&Prime; _module_preset=\u00a0\u00bbdefault\u00a0\u00bb custom_padding=\u00a0\u00bb10px||10px||false|false\u00a0\u00bb global_colors_info=\u00a0\u00bb{}\u00a0\u00bb][et_pb_column type=\u00a0\u00bb4_4&Prime; _builder_version=\u00a0\u00bb4.27.5&Prime; _module_preset=\u00a0\u00bbdefault\u00a0\u00bb global_colors_info=\u00a0\u00bb{}\u00a0\u00bb][et_pb_text _builder_version=\u00a0\u00bb4.27.5&Prime; _module_preset=\u00a0\u00bbdefault\u00a0\u00bb text_font=\u00a0\u00bb&#8211;et_global_body_font||||||||\u00a0\u00bb text_orientation=\u00a0\u00bbcenter\u00a0\u00bb global_colors_info=\u00a0\u00bb{}\u00a0\u00bb]R\u00e9alisation web : <span style=\"color: #3366ff;\"><a href=\"https:\/\/www.esio-informatique.fr\" target=\"_blank\" rel=\"noopener\" style=\"color: #DE8D4E;\">ESIO Informatique<\/a><\/span>[\/et_pb_text][\/et_pb_column][\/et_pb_row][\/et_pb_section]<\/p>\n","protected":false},"excerpt":{"rendered":"<p>FestivalLe festival Rock en Stock de Lesneven est un \u00e9v\u00e9nement musical embl\u00e9matique du Finist\u00e8re, d\u00e9di\u00e9 aux musiques rock et actuelles. Organis\u00e9 dans un esprit associatif et convivial, il rassemble chaque ann\u00e9e un large public autour de concerts m\u00ealant artistes \u00e9mergents et groupes reconnus. Port\u00e9 par de nombreux b\u00e9n\u00e9voles, le festival se distingue par son accessibilit\u00e9, [&hellip;]<\/p>\n","protected":false},"author":181,"featured_media":0,"parent":0,"menu_order":0,"comment_status":"closed","ping_status":"closed","template":"","meta":{"_et_pb_use_builder":"on","_et_pb_old_content":"","_et_gb_content_width":"","footnotes":""},"class_list":["post-2133","page","type-page","status-publish","hentry"],"_links":{"self":[{"href":"https:\/\/musique-loisir.fr\/staging\/wp-json\/wp\/v2\/pages\/2133","targetHints":{"allow":["GET"]}}],"collection":[{"href":"https:\/\/musique-loisir.fr\/staging\/wp-json\/wp\/v2\/pages"}],"about":[{"href":"https:\/\/musique-loisir.fr\/staging\/wp-json\/wp\/v2\/types\/page"}],"author":[{"embeddable":true,"href":"https:\/\/musique-loisir.fr\/staging\/wp-json\/wp\/v2\/users\/181"}],"replies":[{"embeddable":true,"href":"https:\/\/musique-loisir.fr\/staging\/wp-json\/wp\/v2\/comments?post=2133"}],"version-history":[{"count":11,"href":"https:\/\/musique-loisir.fr\/staging\/wp-json\/wp\/v2\/pages\/2133\/revisions"}],"predecessor-version":[{"id":2747,"href":"https:\/\/musique-loisir.fr\/staging\/wp-json\/wp\/v2\/pages\/2133\/revisions\/2747"}],"wp:attachment":[{"href":"https:\/\/musique-loisir.fr\/staging\/wp-json\/wp\/v2\/media?parent=2133"}],"curies":[{"name":"wp","href":"https:\/\/api.w.org\/{rel}","templated":true}]}}